{"id":4642,"date":"2024-05-14T10:00:22","date_gmt":"2024-05-14T08:00:22","guid":{"rendered":"https:\/\/lagreska.es\/?post_type=musicos&#038;p=4642"},"modified":"2026-03-01T14:33:40","modified_gmt":"2026-03-01T13:33:40","slug":"la-fragua","status":"publish","type":"musicos","link":"https:\/\/lagreska.es\/ca\/musicos\/la-fragua\/","title":{"rendered":"La Fragua"},"content":{"rendered":"<h2 class=\"wp-block-heading has-large-font-size\"><\/h2>\n\n\n\n<p><strong>La Fragua: \u00a1Versiones como nunca las hab\u00edas imaginado!<\/strong><\/p>\n\n\n\n<p>Si buscas un grupo de versiones con personalidad propia y un directo arrollador, <strong>La Fragua<\/strong> es tu banda. No somos solo un grupo de versiones; somos una m\u00e1quina de transformar grandes cl\u00e1sicos nacionales e internacionales en experiencias sonoras totalmente nuevas.<\/p>\n\n\n\n<h3 class=\"wp-block-heading\"><strong>El Show: Un viaje musical con identidad propia<\/strong><\/h3>\n\n\n\n<p>Nuestra propuesta se basa en un directo muy potente que recorre la historia de la m\u00fasica desde los a\u00f1os 60, 70, 80 y 90 hasta los \u00e9xitos de hoy mismo. Lo que nos hace \u00fanicos es nuestra capacidad para <strong>cambiar totalmente el estilo de la canci\u00f3n original<\/strong>, reinventando temas que todo el mundo conoce bajo prismas musicales como el <strong>reggae, ska, rock, pop, blues o swing<\/strong>.<\/p>\n\n\n\n<h3 class=\"wp-block-heading\"><strong>\u00bfQu\u00e9 ofrecemos en nuestro espect\u00e1culo?<\/strong><\/h3>\n\n\n\n<ul class=\"wp-block-list\">\n<li><strong>100% M\u00fasica en Directo:<\/strong> Sin trucos, pura energ\u00eda org\u00e1nica sobre el escenario.<\/li>\n\n\n\n<li><strong>Potencia de Sonido:<\/strong> Contamos con <strong>24.000W de sonido RMS<\/strong> para que cada nota se sienta con la m\u00e1xima calidad.<\/li>\n\n\n\n<li><strong>Interacci\u00f3n Total:<\/strong> Nos encanta participar con el p\u00fablico y hacer que disfruten tanto o m\u00e1s que nosotros.<\/li>\n\n\n\n<li><strong>Duraci\u00f3n Adaptable:<\/strong> Ofrecemos actuaciones de entre <strong>120 y 180 minutos<\/strong> de pura fiesta.<\/li>\n<\/ul>\n\n\n\n<h3 class=\"wp-block-heading\"><strong>Un repertorio infinito<\/strong><\/h3>\n\n\n\n<p>Versionamos a los grandes nombres de la m\u00fasica, d\u00e1ndoles nuestro toque especial:<\/p>\n\n\n\n<ul class=\"wp-block-list\">\n<li><strong>Internacional:<\/strong> Dire Straits, Pink Floyd, Queen, The Police, The Beatles, U2, Deep Purple, Santana&#8230;<\/li>\n\n\n\n<li><strong>Nacional:<\/strong> Man\u00e1, Fito, Hombres G, Sabina, Loquillo, Los Secretos, La Guardia, Rosendo, Platero, Seguridad Social, Extremoduro, Kortatu&#8230; \u00a1y muchos m\u00e1s!<\/li>\n<\/ul>\n\n\n\n<p><strong>La Fragua<\/strong> garantiza un gran espect\u00e1culo, muy trabajado en todos los detalles y con el \u00e9xito 100% asegurado para tu evento o fiesta mayor.<\/p>\n\n\n\n<div id='gallery-1' class='gallery galleryid-4642 gallery-columns-5 gallery-size-thumbnail'><figure class='gallery-item'>\n\t\t\t<div class='gallery-icon landscape'>\n\t\t\t\t<a href='https:\/\/lagreska.es\/ca\/musicos\/la-fragua\/captura-de-pantalla-2026-03-01-142521\/'><img loading=\"lazy\" decoding=\"async\" width=\"150\" height=\"150\" src=\"https:\/\/lagreska.es\/wp-content\/uploads\/2024\/05\/Captura-de-pantalla-2026-03-01-142521-150x150.jpg\" class=\"attachment-thumbnail size-thumbnail\" alt=\"\" \/><\/a>\n\t\t\t<\/div><\/figure><figure class='gallery-item'>\n\t\t\t<div class='gallery-icon landscape'>\n\t\t\t\t<a href='https:\/\/lagreska.es\/ca\/musicos\/la-fragua\/captura-de-pantalla-2026-03-01-142617\/'><img loading=\"lazy\" decoding=\"async\" width=\"150\" height=\"150\" src=\"https:\/\/lagreska.es\/wp-content\/uploads\/2024\/05\/Captura-de-pantalla-2026-03-01-142617-150x150.jpg\" class=\"attachment-thumbnail size-thumbnail\" alt=\"\" srcset=\"https:\/\/lagreska.es\/wp-content\/uploads\/2024\/05\/Captura-de-pantalla-2026-03-01-142617-150x150.jpg 150w, https:\/\/lagreska.es\/wp-content\/uploads\/2024\/05\/Captura-de-pantalla-2026-03-01-142617-13x12.jpg 13w\" sizes=\"auto, (max-width: 150px) 100vw, 150px\" \/><\/a>\n\t\t\t<\/div><\/figure><figure class='gallery-item'>\n\t\t\t<div class='gallery-icon landscape'>\n\t\t\t\t<a href='https:\/\/lagreska.es\/ca\/musicos\/la-fragua\/captura-de-pantalla-2026-03-01-142641\/'><img loading=\"lazy\" decoding=\"async\" width=\"150\" height=\"150\" src=\"https:\/\/lagreska.es\/wp-content\/uploads\/2024\/05\/Captura-de-pantalla-2026-03-01-142641-150x150.jpg\" class=\"attachment-thumbnail size-thumbnail\" alt=\"\" \/><\/a>\n\t\t\t<\/div><\/figure><figure class='gallery-item'>\n\t\t\t<div class='gallery-icon landscape'>\n\t\t\t\t<a href='https:\/\/lagreska.es\/ca\/musicos\/la-fragua\/captura-de-pantalla-2026-03-01-142730\/'><img loading=\"lazy\" decoding=\"async\" width=\"150\" height=\"150\" src=\"https:\/\/lagreska.es\/wp-content\/uploads\/2024\/05\/Captura-de-pantalla-2026-03-01-142730-150x150.jpg\" class=\"attachment-thumbnail size-thumbnail\" alt=\"\" \/><\/a>\n\t\t\t<\/div><\/figure><figure class='gallery-item'>\n\t\t\t<div class='gallery-icon landscape'>\n\t\t\t\t<a href='https:\/\/lagreska.es\/ca\/musicos\/la-fragua\/captura-de-pantalla-2026-03-01-142749\/'><img loading=\"lazy\" decoding=\"async\" width=\"150\" height=\"150\" src=\"https:\/\/lagreska.es\/wp-content\/uploads\/2024\/05\/Captura-de-pantalla-2026-03-01-142749-150x150.jpg\" class=\"attachment-thumbnail size-thumbnail\" alt=\"\" \/><\/a>\n\t\t\t<\/div><\/figure>\n\t\t<\/div>","protected":false},"featured_media":10335,"parent":0,"menu_order":0,"template":"","meta":{"_acf_changed":true,"_kad_blocks_custom_css":"","_kad_blocks_head_custom_js":"","_kad_blocks_body_custom_js":"","_kad_blocks_footer_custom_js":"","_kad_post_transparent":"","_kad_post_title":"","_kad_post_layout":"","_kad_post_sidebar_id":"","_kad_post_content_style":"","_kad_post_vertical_padding":"","_kad_post_feature":"","_kad_post_feature_position":"","_kad_post_header":false,"_kad_post_footer":false,"_kad_post_classname":""},"estilo":[50],"class_list":["post-4642","musicos","type-musicos","status-publish","has-post-thumbnail","hentry","estilo-bandas-y-tributos"],"acf":[],"yoast_head":"<!-- This site is optimized with the Yoast SEO plugin v26.7 - https:\/\/yoast.com\/wordpress\/plugins\/seo\/ -->\n<title>La Fragua - La Greska Espectacles<\/title>\n<meta name=\"robots\" content=\"index, follow, max-snippet:-1, max-image-preview:large, max-video-preview:-1\" \/>\n<link rel=\"canonical\" href=\"https:\/\/lagreska.es\/ca\/musicos\/la-fragua\/\" \/>\n<meta property=\"og:locale\" content=\"ca_ES\" \/>\n<meta property=\"og:type\" content=\"article\" \/>\n<meta property=\"og:title\" content=\"La Fragua - La Greska Espectacles\" \/>\n<meta property=\"og:description\" content=\"La Fragua: \u00a1Versiones como nunca las hab\u00edas imaginado! Si buscas un grupo de versiones con personalidad propia y un directo arrollador, La Fragua es tu banda. No somos solo un grupo de versiones; somos una m\u00e1quina de transformar grandes cl\u00e1sicos nacionales e internacionales en experiencias sonoras totalmente nuevas. El Show: Un viaje musical con identidad...\" \/>\n<meta property=\"og:url\" content=\"https:\/\/lagreska.es\/ca\/musicos\/la-fragua\/\" \/>\n<meta property=\"og:site_name\" content=\"La Greska Espectacles\" \/>\n<meta property=\"article:modified_time\" content=\"2026-03-01T13:33:40+00:00\" \/>\n<meta property=\"og:image\" content=\"https:\/\/lagreska.es\/wp-content\/uploads\/2024\/05\/Captura-de-pantalla-2026-03-01-142841.jpg\" \/>\n\t<meta property=\"og:image:width\" content=\"552\" \/>\n\t<meta property=\"og:image:height\" content=\"542\" \/>\n\t<meta property=\"og:image:type\" content=\"image\/jpeg\" \/>\n<meta name=\"twitter:card\" content=\"summary_large_image\" \/>\n<meta name=\"twitter:label1\" content=\"Temps estimat de lectura\" \/>\n\t<meta name=\"twitter:data1\" content=\"2 minuts\" \/>\n<script type=\"application\/ld+json\" class=\"yoast-schema-graph\">{\"@context\":\"https:\/\/schema.org\",\"@graph\":[{\"@type\":\"WebPage\",\"@id\":\"https:\/\/lagreska.es\/musicos\/la-fragua\/\",\"url\":\"https:\/\/lagreska.es\/musicos\/la-fragua\/\",\"name\":\"La Fragua - La Greska Espectacles\",\"isPartOf\":{\"@id\":\"https:\/\/lagreska.es\/#website\"},\"primaryImageOfPage\":{\"@id\":\"https:\/\/lagreska.es\/musicos\/la-fragua\/#primaryimage\"},\"image\":{\"@id\":\"https:\/\/lagreska.es\/musicos\/la-fragua\/#primaryimage\"},\"thumbnailUrl\":\"https:\/\/lagreska.es\/wp-content\/uploads\/2024\/05\/Captura-de-pantalla-2026-03-01-142841.jpg\",\"datePublished\":\"2024-05-14T08:00:22+00:00\",\"dateModified\":\"2026-03-01T13:33:40+00:00\",\"breadcrumb\":{\"@id\":\"https:\/\/lagreska.es\/musicos\/la-fragua\/#breadcrumb\"},\"inLanguage\":\"ca\",\"potentialAction\":[{\"@type\":\"ReadAction\",\"target\":[\"https:\/\/lagreska.es\/musicos\/la-fragua\/\"]}]},{\"@type\":\"ImageObject\",\"inLanguage\":\"ca\",\"@id\":\"https:\/\/lagreska.es\/musicos\/la-fragua\/#primaryimage\",\"url\":\"https:\/\/lagreska.es\/wp-content\/uploads\/2024\/05\/Captura-de-pantalla-2026-03-01-142841.jpg\",\"contentUrl\":\"https:\/\/lagreska.es\/wp-content\/uploads\/2024\/05\/Captura-de-pantalla-2026-03-01-142841.jpg\",\"width\":552,\"height\":542},{\"@type\":\"BreadcrumbList\",\"@id\":\"https:\/\/lagreska.es\/musicos\/la-fragua\/#breadcrumb\",\"itemListElement\":[{\"@type\":\"ListItem\",\"position\":1,\"name\":\"Portada\",\"item\":\"https:\/\/lagreska.es\/ca\/\"},{\"@type\":\"ListItem\",\"position\":2,\"name\":\"La Fragua\"}]},{\"@type\":\"WebSite\",\"@id\":\"https:\/\/lagreska.es\/#website\",\"url\":\"https:\/\/lagreska.es\/\",\"name\":\"La Greska Espectacles\",\"description\":\"Agencia de animaci\u00f3n de fiestas y eventos en Sabadell\",\"publisher\":{\"@id\":\"https:\/\/lagreska.es\/#organization\"},\"potentialAction\":[{\"@type\":\"SearchAction\",\"target\":{\"@type\":\"EntryPoint\",\"urlTemplate\":\"https:\/\/lagreska.es\/?s={search_term_string}\"},\"query-input\":{\"@type\":\"PropertyValueSpecification\",\"valueRequired\":true,\"valueName\":\"search_term_string\"}}],\"inLanguage\":\"ca\"},{\"@type\":\"Organization\",\"@id\":\"https:\/\/lagreska.es\/#organization\",\"name\":\"La Greska Espectacles\",\"url\":\"https:\/\/lagreska.es\/\",\"logo\":{\"@type\":\"ImageObject\",\"inLanguage\":\"ca\",\"@id\":\"https:\/\/lagreska.es\/#\/schema\/logo\/image\/\",\"url\":\"https:\/\/lagreska.es\/wp-content\/uploads\/2024\/05\/logo.png\",\"contentUrl\":\"https:\/\/lagreska.es\/wp-content\/uploads\/2024\/05\/logo.png\",\"width\":813,\"height\":307,\"caption\":\"La Greska Espectacles\"},\"image\":{\"@id\":\"https:\/\/lagreska.es\/#\/schema\/logo\/image\/\"}}]}<\/script>\n<!-- \/ Yoast SEO plugin. -->","yoast_head_json":{"title":"La Fragua - La Greska Espectacles","robots":{"index":"index","follow":"follow","max-snippet":"max-snippet:-1","max-image-preview":"max-image-preview:large","max-video-preview":"max-video-preview:-1"},"canonical":"https:\/\/lagreska.es\/ca\/musicos\/la-fragua\/","og_locale":"ca_ES","og_type":"article","og_title":"La Fragua - La Greska Espectacles","og_description":"La Fragua: \u00a1Versiones como nunca las hab\u00edas imaginado! Si buscas un grupo de versiones con personalidad propia y un directo arrollador, La Fragua es tu banda. No somos solo un grupo de versiones; somos una m\u00e1quina de transformar grandes cl\u00e1sicos nacionales e internacionales en experiencias sonoras totalmente nuevas. El Show: Un viaje musical con identidad...","og_url":"https:\/\/lagreska.es\/ca\/musicos\/la-fragua\/","og_site_name":"La Greska Espectacles","article_modified_time":"2026-03-01T13:33:40+00:00","og_image":[{"width":552,"height":542,"url":"https:\/\/lagreska.es\/wp-content\/uploads\/2024\/05\/Captura-de-pantalla-2026-03-01-142841.jpg","type":"image\/jpeg"}],"twitter_card":"summary_large_image","twitter_misc":{"Temps estimat de lectura":"2 minuts"},"schema":{"@context":"https:\/\/schema.org","@graph":[{"@type":"WebPage","@id":"https:\/\/lagreska.es\/musicos\/la-fragua\/","url":"https:\/\/lagreska.es\/musicos\/la-fragua\/","name":"La Fragua - La Greska Espectacles","isPartOf":{"@id":"https:\/\/lagreska.es\/#website"},"primaryImageOfPage":{"@id":"https:\/\/lagreska.es\/musicos\/la-fragua\/#primaryimage"},"image":{"@id":"https:\/\/lagreska.es\/musicos\/la-fragua\/#primaryimage"},"thumbnailUrl":"https:\/\/lagreska.es\/wp-content\/uploads\/2024\/05\/Captura-de-pantalla-2026-03-01-142841.jpg","datePublished":"2024-05-14T08:00:22+00:00","dateModified":"2026-03-01T13:33:40+00:00","breadcrumb":{"@id":"https:\/\/lagreska.es\/musicos\/la-fragua\/#breadcrumb"},"inLanguage":"ca","potentialAction":[{"@type":"ReadAction","target":["https:\/\/lagreska.es\/musicos\/la-fragua\/"]}]},{"@type":"ImageObject","inLanguage":"ca","@id":"https:\/\/lagreska.es\/musicos\/la-fragua\/#primaryimage","url":"https:\/\/lagreska.es\/wp-content\/uploads\/2024\/05\/Captura-de-pantalla-2026-03-01-142841.jpg","contentUrl":"https:\/\/lagreska.es\/wp-content\/uploads\/2024\/05\/Captura-de-pantalla-2026-03-01-142841.jpg","width":552,"height":542},{"@type":"BreadcrumbList","@id":"https:\/\/lagreska.es\/musicos\/la-fragua\/#breadcrumb","itemListElement":[{"@type":"ListItem","position":1,"name":"Portada","item":"https:\/\/lagreska.es\/ca\/"},{"@type":"ListItem","position":2,"name":"La Fragua"}]},{"@type":"WebSite","@id":"https:\/\/lagreska.es\/#website","url":"https:\/\/lagreska.es\/","name":"La Greska Espectacles","description":"Ag\u00e8ncia d&#039;animaci\u00f3 de festes i esdeveniments a Sabadell","publisher":{"@id":"https:\/\/lagreska.es\/#organization"},"potentialAction":[{"@type":"SearchAction","target":{"@type":"EntryPoint","urlTemplate":"https:\/\/lagreska.es\/?s={search_term_string}"},"query-input":{"@type":"PropertyValueSpecification","valueRequired":true,"valueName":"search_term_string"}}],"inLanguage":"ca"},{"@type":"Organization","@id":"https:\/\/lagreska.es\/#organization","name":"La Greska Espectacles","url":"https:\/\/lagreska.es\/","logo":{"@type":"ImageObject","inLanguage":"ca","@id":"https:\/\/lagreska.es\/#\/schema\/logo\/image\/","url":"https:\/\/lagreska.es\/wp-content\/uploads\/2024\/05\/logo.png","contentUrl":"https:\/\/lagreska.es\/wp-content\/uploads\/2024\/05\/logo.png","width":813,"height":307,"caption":"La Greska Espectacles"},"image":{"@id":"https:\/\/lagreska.es\/#\/schema\/logo\/image\/"}}]}},"taxonomy_info":{"estilo":[{"value":50,"label":"Bandas y tributos"}]},"featured_image_src_large":["https:\/\/lagreska.es\/wp-content\/uploads\/2024\/05\/Captura-de-pantalla-2026-03-01-142841.jpg",552,542,false],"author_info":[],"comment_info":"","_links":{"self":[{"href":"https:\/\/lagreska.es\/ca\/wp-json\/wp\/v2\/musicos\/4642","targetHints":{"allow":["GET"]}}],"collection":[{"href":"https:\/\/lagreska.es\/ca\/wp-json\/wp\/v2\/musicos"}],"about":[{"href":"https:\/\/lagreska.es\/ca\/wp-json\/wp\/v2\/types\/musicos"}],"wp:featuredmedia":[{"embeddable":true,"href":"https:\/\/lagreska.es\/ca\/wp-json\/wp\/v2\/media\/10335"}],"wp:attachment":[{"href":"https:\/\/lagreska.es\/ca\/wp-json\/wp\/v2\/media?parent=4642"}],"wp:term":[{"taxonomy":"estilo","embeddable":true,"href":"https:\/\/lagreska.es\/ca\/wp-json\/wp\/v2\/estilo?post=4642"}],"curies":[{"name":"wp","href":"https:\/\/api.w.org\/{rel}","templated":true}]}}