{"id":10256,"date":"2026-02-28T23:33:22","date_gmt":"2026-02-28T22:33:22","guid":{"rendered":"https:\/\/lagreska.es\/?post_type=musicos&#038;p=10256"},"modified":"2026-02-28T23:33:26","modified_gmt":"2026-02-28T22:33:26","slug":"klam","status":"publish","type":"musicos","link":"https:\/\/lagreska.es\/ca\/musicos\/klam\/","title":{"rendered":"KLAM"},"content":{"rendered":"<blockquote class=\"wp-block-quote is-layout-flow wp-block-quote-is-layout-flow\">\n<p><strong>M\u00fasica de Baile con Denominaci\u00f3n de Origen<\/strong><\/p>\n\n\n\n<p>En <strong>Orgue de Gats<\/strong> llevamos el baile en nuestro ADN. Con m\u00e1s de 40 a\u00f1os de trayectoria y actuaciones en m\u00e1s de mil pueblos, somos expertos en convertir cada plaza o sala en una aut\u00e9ntica pista de baile. Nuestro espect\u00e1culo de baile es un recorrido por todos los ritmos que emocionan: desde los cl\u00e1sicos incombustibles como el vals, el pasodoble, el tango y el chachach\u00e1, hasta los ritmos latinos m\u00e1s pegadizos como la cumbia, la salsa y la bachata.<\/p>\n\n\n\n<p>Con una formaci\u00f3n flexible (Tr\u00edo, Cuarteto o Quinteto) y voces de primer nivel, garantizamos una conexi\u00f3n \u00fanica con el p\u00fablico, adapt\u00e1ndonos siempre al ambiente de la fiesta. Profesionalidad, veteran\u00eda y pasi\u00f3n por el baile se unen para asegurar el \u00e9xito de cualquier celebraci\u00f3n.<\/p>\n<\/blockquote>\n\n\n\n<div id='gallery-1' class='gallery galleryid-10256 gallery-columns-5 gallery-size-thumbnail'><figure class='gallery-item'>\n\t\t\t<div class='gallery-icon landscape'>\n\t\t\t\t<a href='https:\/\/lagreska.es\/ca\/musicos\/klam\/9-2\/'><img loading=\"lazy\" decoding=\"async\" width=\"150\" height=\"150\" src=\"https:\/\/lagreska.es\/wp-content\/uploads\/2026\/02\/9-150x150.jpg\" class=\"attachment-thumbnail size-thumbnail\" alt=\"\" \/><\/a>\n\t\t\t<\/div><\/figure><figure class='gallery-item'>\n\t\t\t<div class='gallery-icon landscape'>\n\t\t\t\t<a href='https:\/\/lagreska.es\/ca\/musicos\/klam\/28-orquestra-klam\/'><img loading=\"lazy\" decoding=\"async\" width=\"150\" height=\"150\" src=\"https:\/\/lagreska.es\/wp-content\/uploads\/2026\/02\/28.-Orquestra-KLAM-150x150.jpg\" class=\"attachment-thumbnail size-thumbnail\" alt=\"\" \/><\/a>\n\t\t\t<\/div><\/figure><figure class='gallery-item'>\n\t\t\t<div class='gallery-icon landscape'>\n\t\t\t\t<a href='https:\/\/lagreska.es\/ca\/musicos\/klam\/dsc_0013__\/'><img loading=\"lazy\" decoding=\"async\" width=\"150\" height=\"150\" src=\"https:\/\/lagreska.es\/wp-content\/uploads\/2026\/02\/DSC_0013__-150x150.jpg\" class=\"attachment-thumbnail size-thumbnail\" alt=\"\" \/><\/a>\n\t\t\t<\/div><\/figure><figure class='gallery-item'>\n\t\t\t<div class='gallery-icon landscape'>\n\t\t\t\t<a href='https:\/\/lagreska.es\/ca\/musicos\/klam\/klam-concert-2\/'><img loading=\"lazy\" decoding=\"async\" width=\"150\" height=\"150\" src=\"https:\/\/lagreska.es\/wp-content\/uploads\/2026\/02\/klam-concert-2-150x150.jpg\" class=\"attachment-thumbnail size-thumbnail\" alt=\"\" \/><\/a>\n\t\t\t<\/div><\/figure><figure class='gallery-item'>\n\t\t\t<div class='gallery-icon landscape'>\n\t\t\t\t<a href='https:\/\/lagreska.es\/ca\/musicos\/klam\/klam-concert-3\/'><img loading=\"lazy\" decoding=\"async\" width=\"150\" height=\"150\" src=\"https:\/\/lagreska.es\/wp-content\/uploads\/2026\/02\/klam-concert-3-150x150.jpg\" class=\"attachment-thumbnail size-thumbnail\" alt=\"\" \/><\/a>\n\t\t\t<\/div><\/figure>\n\t\t<\/div>\n\n\n\n\n<p><\/p>","protected":false},"featured_media":10262,"parent":0,"menu_order":0,"template":"","meta":{"_acf_changed":true,"_kad_blocks_custom_css":"","_kad_blocks_head_custom_js":"","_kad_blocks_body_custom_js":"","_kad_blocks_footer_custom_js":"","_kad_post_transparent":"","_kad_post_title":"","_kad_post_layout":"","_kad_post_sidebar_id":"","_kad_post_content_style":"","_kad_post_vertical_padding":"","_kad_post_feature":"","_kad_post_feature_position":"","_kad_post_header":false,"_kad_post_footer":false,"_kad_post_classname":""},"estilo":[50,48],"class_list":["post-10256","musicos","type-musicos","status-publish","has-post-thumbnail","hentry","estilo-bandas-y-tributos","estilo-orquestas"],"acf":[],"yoast_head":"<!-- This site is optimized with the Yoast SEO plugin v26.7 - https:\/\/yoast.com\/wordpress\/plugins\/seo\/ -->\n<title>KLAM - La Greska Espectacles<\/title>\n<meta name=\"robots\" content=\"index, follow, max-snippet:-1, max-image-preview:large, max-video-preview:-1\" \/>\n<link rel=\"canonical\" href=\"https:\/\/lagreska.es\/ca\/musicos\/klam\/\" \/>\n<meta property=\"og:locale\" content=\"ca_ES\" \/>\n<meta property=\"og:type\" content=\"article\" \/>\n<meta property=\"og:title\" content=\"KLAM - La Greska Espectacles\" \/>\n<meta property=\"og:description\" content=\"M\u00fasica de Baile con Denominaci\u00f3n de Origen En Orgue de Gats llevamos el baile en nuestro ADN. Con m\u00e1s de 40 a\u00f1os de trayectoria y actuaciones en m\u00e1s de mil pueblos, somos expertos en convertir cada plaza o sala en una aut\u00e9ntica pista de baile. Nuestro espect\u00e1culo de baile es un recorrido por todos los...\" \/>\n<meta property=\"og:url\" content=\"https:\/\/lagreska.es\/ca\/musicos\/klam\/\" \/>\n<meta property=\"og:site_name\" content=\"La Greska Espectacles\" \/>\n<meta property=\"article:modified_time\" content=\"2026-02-28T22:33:26+00:00\" \/>\n<meta property=\"og:image\" content=\"https:\/\/lagreska.es\/wp-content\/uploads\/2026\/02\/2-4.jpg\" \/>\n\t<meta property=\"og:image:width\" content=\"1920\" \/>\n\t<meta property=\"og:image:height\" content=\"1080\" \/>\n\t<meta property=\"og:image:type\" content=\"image\/jpeg\" \/>\n<meta name=\"twitter:card\" content=\"summary_large_image\" \/>\n<meta name=\"twitter:label1\" content=\"Temps estimat de lectura\" \/>\n\t<meta name=\"twitter:data1\" content=\"1 minut\" \/>\n<script type=\"application\/ld+json\" class=\"yoast-schema-graph\">{\"@context\":\"https:\/\/schema.org\",\"@graph\":[{\"@type\":\"WebPage\",\"@id\":\"https:\/\/lagreska.es\/musicos\/klam\/\",\"url\":\"https:\/\/lagreska.es\/musicos\/klam\/\",\"name\":\"KLAM - La Greska Espectacles\",\"isPartOf\":{\"@id\":\"https:\/\/lagreska.es\/#website\"},\"primaryImageOfPage\":{\"@id\":\"https:\/\/lagreska.es\/musicos\/klam\/#primaryimage\"},\"image\":{\"@id\":\"https:\/\/lagreska.es\/musicos\/klam\/#primaryimage\"},\"thumbnailUrl\":\"https:\/\/lagreska.es\/wp-content\/uploads\/2026\/02\/2-4.jpg\",\"datePublished\":\"2026-02-28T22:33:22+00:00\",\"dateModified\":\"2026-02-28T22:33:26+00:00\",\"breadcrumb\":{\"@id\":\"https:\/\/lagreska.es\/musicos\/klam\/#breadcrumb\"},\"inLanguage\":\"ca\",\"potentialAction\":[{\"@type\":\"ReadAction\",\"target\":[\"https:\/\/lagreska.es\/musicos\/klam\/\"]}]},{\"@type\":\"ImageObject\",\"inLanguage\":\"ca\",\"@id\":\"https:\/\/lagreska.es\/musicos\/klam\/#primaryimage\",\"url\":\"https:\/\/lagreska.es\/wp-content\/uploads\/2026\/02\/2-4.jpg\",\"contentUrl\":\"https:\/\/lagreska.es\/wp-content\/uploads\/2026\/02\/2-4.jpg\",\"width\":1920,\"height\":1080},{\"@type\":\"BreadcrumbList\",\"@id\":\"https:\/\/lagreska.es\/musicos\/klam\/#breadcrumb\",\"itemListElement\":[{\"@type\":\"ListItem\",\"position\":1,\"name\":\"Portada\",\"item\":\"https:\/\/lagreska.es\/ca\/\"},{\"@type\":\"ListItem\",\"position\":2,\"name\":\"KLAM\"}]},{\"@type\":\"WebSite\",\"@id\":\"https:\/\/lagreska.es\/#website\",\"url\":\"https:\/\/lagreska.es\/\",\"name\":\"La Greska Espectacles\",\"description\":\"Agencia de animaci\u00f3n de fiestas y eventos en Sabadell\",\"publisher\":{\"@id\":\"https:\/\/lagreska.es\/#organization\"},\"potentialAction\":[{\"@type\":\"SearchAction\",\"target\":{\"@type\":\"EntryPoint\",\"urlTemplate\":\"https:\/\/lagreska.es\/?s={search_term_string}\"},\"query-input\":{\"@type\":\"PropertyValueSpecification\",\"valueRequired\":true,\"valueName\":\"search_term_string\"}}],\"inLanguage\":\"ca\"},{\"@type\":\"Organization\",\"@id\":\"https:\/\/lagreska.es\/#organization\",\"name\":\"La Greska Espectacles\",\"url\":\"https:\/\/lagreska.es\/\",\"logo\":{\"@type\":\"ImageObject\",\"inLanguage\":\"ca\",\"@id\":\"https:\/\/lagreska.es\/#\/schema\/logo\/image\/\",\"url\":\"https:\/\/lagreska.es\/wp-content\/uploads\/2024\/05\/logo.png\",\"contentUrl\":\"https:\/\/lagreska.es\/wp-content\/uploads\/2024\/05\/logo.png\",\"width\":813,\"height\":307,\"caption\":\"La Greska Espectacles\"},\"image\":{\"@id\":\"https:\/\/lagreska.es\/#\/schema\/logo\/image\/\"}}]}<\/script>\n<!-- \/ Yoast SEO plugin. -->","yoast_head_json":{"title":"KLAM - La Greska Espectacles","robots":{"index":"index","follow":"follow","max-snippet":"max-snippet:-1","max-image-preview":"max-image-preview:large","max-video-preview":"max-video-preview:-1"},"canonical":"https:\/\/lagreska.es\/ca\/musicos\/klam\/","og_locale":"ca_ES","og_type":"article","og_title":"KLAM - La Greska Espectacles","og_description":"M\u00fasica de Baile con Denominaci\u00f3n de Origen En Orgue de Gats llevamos el baile en nuestro ADN. Con m\u00e1s de 40 a\u00f1os de trayectoria y actuaciones en m\u00e1s de mil pueblos, somos expertos en convertir cada plaza o sala en una aut\u00e9ntica pista de baile. Nuestro espect\u00e1culo de baile es un recorrido por todos los...","og_url":"https:\/\/lagreska.es\/ca\/musicos\/klam\/","og_site_name":"La Greska Espectacles","article_modified_time":"2026-02-28T22:33:26+00:00","og_image":[{"width":1920,"height":1080,"url":"https:\/\/lagreska.es\/wp-content\/uploads\/2026\/02\/2-4.jpg","type":"image\/jpeg"}],"twitter_card":"summary_large_image","twitter_misc":{"Temps estimat de lectura":"1 minut"},"schema":{"@context":"https:\/\/schema.org","@graph":[{"@type":"WebPage","@id":"https:\/\/lagreska.es\/musicos\/klam\/","url":"https:\/\/lagreska.es\/musicos\/klam\/","name":"KLAM - La Greska Espectacles","isPartOf":{"@id":"https:\/\/lagreska.es\/#website"},"primaryImageOfPage":{"@id":"https:\/\/lagreska.es\/musicos\/klam\/#primaryimage"},"image":{"@id":"https:\/\/lagreska.es\/musicos\/klam\/#primaryimage"},"thumbnailUrl":"https:\/\/lagreska.es\/wp-content\/uploads\/2026\/02\/2-4.jpg","datePublished":"2026-02-28T22:33:22+00:00","dateModified":"2026-02-28T22:33:26+00:00","breadcrumb":{"@id":"https:\/\/lagreska.es\/musicos\/klam\/#breadcrumb"},"inLanguage":"ca","potentialAction":[{"@type":"ReadAction","target":["https:\/\/lagreska.es\/musicos\/klam\/"]}]},{"@type":"ImageObject","inLanguage":"ca","@id":"https:\/\/lagreska.es\/musicos\/klam\/#primaryimage","url":"https:\/\/lagreska.es\/wp-content\/uploads\/2026\/02\/2-4.jpg","contentUrl":"https:\/\/lagreska.es\/wp-content\/uploads\/2026\/02\/2-4.jpg","width":1920,"height":1080},{"@type":"BreadcrumbList","@id":"https:\/\/lagreska.es\/musicos\/klam\/#breadcrumb","itemListElement":[{"@type":"ListItem","position":1,"name":"Portada","item":"https:\/\/lagreska.es\/ca\/"},{"@type":"ListItem","position":2,"name":"KLAM"}]},{"@type":"WebSite","@id":"https:\/\/lagreska.es\/#website","url":"https:\/\/lagreska.es\/","name":"La Greska Espectacles","description":"Ag\u00e8ncia d&#039;animaci\u00f3 de festes i esdeveniments a Sabadell","publisher":{"@id":"https:\/\/lagreska.es\/#organization"},"potentialAction":[{"@type":"SearchAction","target":{"@type":"EntryPoint","urlTemplate":"https:\/\/lagreska.es\/?s={search_term_string}"},"query-input":{"@type":"PropertyValueSpecification","valueRequired":true,"valueName":"search_term_string"}}],"inLanguage":"ca"},{"@type":"Organization","@id":"https:\/\/lagreska.es\/#organization","name":"La Greska Espectacles","url":"https:\/\/lagreska.es\/","logo":{"@type":"ImageObject","inLanguage":"ca","@id":"https:\/\/lagreska.es\/#\/schema\/logo\/image\/","url":"https:\/\/lagreska.es\/wp-content\/uploads\/2024\/05\/logo.png","contentUrl":"https:\/\/lagreska.es\/wp-content\/uploads\/2024\/05\/logo.png","width":813,"height":307,"caption":"La Greska Espectacles"},"image":{"@id":"https:\/\/lagreska.es\/#\/schema\/logo\/image\/"}}]}},"taxonomy_info":{"estilo":[{"value":50,"label":"Bandas y tributos"},{"value":48,"label":"Orquestas"}]},"featured_image_src_large":["https:\/\/lagreska.es\/wp-content\/uploads\/2026\/02\/2-4-1024x576.jpg",1024,576,true],"author_info":[],"comment_info":"","_links":{"self":[{"href":"https:\/\/lagreska.es\/ca\/wp-json\/wp\/v2\/musicos\/10256","targetHints":{"allow":["GET"]}}],"collection":[{"href":"https:\/\/lagreska.es\/ca\/wp-json\/wp\/v2\/musicos"}],"about":[{"href":"https:\/\/lagreska.es\/ca\/wp-json\/wp\/v2\/types\/musicos"}],"wp:featuredmedia":[{"embeddable":true,"href":"https:\/\/lagreska.es\/ca\/wp-json\/wp\/v2\/media\/10262"}],"wp:attachment":[{"href":"https:\/\/lagreska.es\/ca\/wp-json\/wp\/v2\/media?parent=10256"}],"wp:term":[{"taxonomy":"estilo","embeddable":true,"href":"https:\/\/lagreska.es\/ca\/wp-json\/wp\/v2\/estilo?post=10256"}],"curies":[{"name":"wp","href":"https:\/\/api.w.org\/{rel}","templated":true}]}}